{"id":591,"date":"2018-07-20T08:07:17","date_gmt":"2018-07-20T08:07:17","guid":{"rendered":"https:\/\/augersrl.com\/?page_id=591"},"modified":"2018-07-20T08:47:00","modified_gmt":"2018-07-20T08:47:00","slug":"privacy-policy","status":"publish","type":"page","link":"https:\/\/augersrl.com\/en\/privacy-policy\/","title":{"rendered":"Privacy Policy"},"content":{"rendered":"<div data-elementor-type=\"wp-post\" data-elementor-id=\"591\" class=\"elementor elementor-591 elementor-bc-flex-widget\" data-elementor-post-type=\"page\">\n\t\t\t\t\t\t<section class=\"elementor-section elementor-top-section elementor-element elementor-element-5f3a1ba elementor-section-boxed elementor-section-height-default elementor-section-height-default\" data-id=\"5f3a1ba\" data-element_type=\"section\">\n\t\t\t\t\t\t<div class=\"elementor-container elementor-column-gap-default\">\n\t\t\t\t\t<div class=\"elementor-column elementor-col-100 elementor-top-column elementor-element elementor-element-882f0c3\" data-id=\"882f0c3\" data-element_type=\"column\">\n\t\t\t<div class=\"elementor-widget-wrap elementor-element-populated\">\n\t\t\t\t\t\t<div class=\"elementor-element elementor-element-17291ac elementor-widget elementor-widget-heading\" data-id=\"17291ac\" data-element_type=\"widget\" data-widget_type=\"heading.default\">\n\t\t\t\t<div class=\"elementor-widget-container\">\n\t\t\t<h1 class=\"elementor-heading-title elementor-size-default\">Privacy Policy<\/h1>\t\t<\/div>\n\t\t\t\t<\/div>\n\t\t\t\t<div class=\"elementor-element elementor-element-7159d26 elementor-widget elementor-widget-text-editor\" data-id=\"7159d26\" data-element_type=\"widget\" data-widget_type=\"text-editor.default\">\n\t\t\t\t<div class=\"elementor-widget-container\">\n\t\t\t\t\t\t\t<p>Informativa al trattamento dei dati personali resa ai sensi degli art. 13-14 del Reg. (UE) 2016\/679 GDPR (General Data Protection Regulation).<\/p>\t\t\t\t\t\t<\/div>\n\t\t\t\t<\/div>\n\t\t\t\t<div class=\"elementor-element elementor-element-25279b9 elementor-widget elementor-widget-text-editor\" data-id=\"25279b9\" data-element_type=\"widget\" data-widget_type=\"text-editor.default\">\n\t\t\t\t<div class=\"elementor-widget-container\">\n\t\t\t\t\t\t\t<h2>Introduzione<\/h2><p>In Auger Srl, siamo consapevoli dell&#8217;importanza della protezione dei dati personali e del rispetto della privacy dei nostri utenti. Pertanto gestiamo tutte le informazioni a noi fornite con estrema cura e garantiamo sicurezza e riservatezza durante l&#8217;elaborazione delle informazioni personali dei nostri utenti.<br \/>La presente Informativa, descrive le modalit\u00e0 di gestione dei dati personali che acquisiamo &#8211; in modo autonomo o tramite terze parti &#8211; tramite il sito Auger Srl (www.augersrl.com) ed \u00e8 valida per i visitatori\/clienti di questo sito.<\/p><p>Lo scopo di questa informativa privacy \u00e8 di fornire la massima trasparenza relativamente alle informazioni che l\u2019azienda raccoglie e su come le usa.<\/p>\t\t\t\t\t\t<\/div>\n\t\t\t\t<\/div>\n\t\t\t\t<div class=\"elementor-element elementor-element-8cbcbce elementor-widget elementor-widget-text-editor\" data-id=\"8cbcbce\" data-element_type=\"widget\" data-widget_type=\"text-editor.default\">\n\t\t\t\t<div class=\"elementor-widget-container\">\n\t\t\t\t\t\t\t<h2>Informazioni di carattere generale<\/h2><p>Si informano gli utenti (di seguito \u201cinteressati\u201d, cos\u00ec come definiti nel GDPR) dei seguenti profili generali, validi per tutti gli ambiti del trattamento:<\/p><p>tutti i dati sono trattati in modo lecito, corretto e trasparente nei confronti dell\u2019interessato, nel rispetto dei principi generali previsti dal GDPR;raccogliamo e trattiamo i tuoi dati solo per le finalit\u00e0 indicate nella presente informativa o per le specifiche finalit\u00e0 gi\u00e0 condivise con lei e\/o in merito alle quali ha espresso il consenso;abbiamo l\u2019obiettivo di raccogliere trattare ed usare il minor numero di dati personali possibile;quando dobbiamo raccogliere i suoi dati personali, ci assicuriamo che siano il pi\u00f9 precisi ed aggiornati possibile;se i dati personali che raccogliamo non sono pi\u00f9 necessari per alcuna finalit\u00e0 e non siamo tenuti a conservarli per obbligo di legge, faremo tutto quanto possibile per cancellarli, distruggerli o anonimizzarli;specifiche misure di sicurezza sono osservate per prevenire la perdita dei dati, usi illeciti, o non corretti e accessi non autorizzati;i suoi dati personali non saranno condivisi, venduti, resi disponibili o comunicati a soggetti diversi rispetto a quelli indicati nella informativa.dettagli completi su ciascuna tipologia di dati raccolti sono forniti nelle sezioni dedicate di questa Privacy Policy.<\/p>\t\t\t\t\t\t<\/div>\n\t\t\t\t<\/div>\n\t\t\t\t<div class=\"elementor-element elementor-element-1c11d16 elementor-widget elementor-widget-text-editor\" data-id=\"1c11d16\" data-element_type=\"widget\" data-widget_type=\"text-editor.default\">\n\t\t\t\t<div class=\"elementor-widget-container\">\n\t\t\t\t\t\t\t<h2>Titolare del trattamento, responsabili e incaricati<\/h2><p>Il Titolare del trattamento \u00e8: Auger Srl, rappresentata dal suo Legale Rappresentante Gianfranco Turati, con sede legale in Via dell\u2019Ecologia, 15\/17 Loc. Scarenna 22033 Asso (CO) &#8211; Tel. 031683896 &#8211; Fax. 031672866<\/p><p>Il Responsabile del Trattamento \u00e8 Gianfranco Turati, Via dell\u2019Ecologia, 15\/17 Loc. Scarenna 22033 Asso (CO) &#8211; Tel. 031683896 &#8211; Fax. 031672866<\/p><p>L\u2019elenco dei responsabili in outsourcing e degli incaricati al trattamento \u00e8 custodito presso la sede legale del Titolare del trattamento.<\/p>\t\t\t\t\t\t<\/div>\n\t\t\t\t<\/div>\n\t\t\t\t<div class=\"elementor-element elementor-element-66aa215 elementor-widget elementor-widget-text-editor\" data-id=\"66aa215\" data-element_type=\"widget\" data-widget_type=\"text-editor.default\">\n\t\t\t\t<div class=\"elementor-widget-container\">\n\t\t\t\t\t\t\t<h2>Natura dei dati trattati e finalit\u00e0 del trattamento<\/h2><p>Il trattamento dei dati personali forniti e\/o desunti con la navigazione nel sito e con software di business intelligence, ad esso associato \u00e8 svolto con il trattamento dei seguenti dati e delle relative finalit\u00e0, qui di seguito elencate:<\/p><p><br \/>A) Natura dei dati<\/p><p>dati tecnici attraverso cookies<\/p><p>dati personali indentificativi, di contatto, bancari, attraverso il rilascio di documenti di identit\u00e0 e della visura camerale, della compilazione dei campi obbligatori all\u2019interno del sito web da parte del cliente;<\/p><p>dati economici attraverso il Modello Unico nel caso di ditta individuale o societ\u00e0 di persone, o copia aggiornata dell&#8217;ultimo bilancio nel caso di spa o srl;<\/p><p>dati giudiziari ricavati attraverso l\u2019indagine su portali specializzati per la verifica della solidit\u00e0 finanziaria del cliente.<\/p><p>Finalit\u00e0 del trattamento<\/p><p>consentire l&#8217;accesso e la navigazione nel sito, elaborare statistiche anonime sull\u2019uso del sito, monitorare e migliorare le prestazioni del sito, per controllare il corretto funzionamento dello stesso e per l\u2019accertamento di eventuali responsabilit\u00e0 in caso di illeciti commessi durante la navigazione;<\/p><p>finalit\u00e0 contrattuali, contabili e connesse all&#8217;erogazione dei servizi;<\/p><p>gestione del rapporto commerciale;<\/p><p>verificare, attraverso societ\u00e0 di servizi, incaricate come Responsabili del Trattamento, la solidit\u00e0 finanziaria del cliente e la gestione di recupero dei crediti;<\/p><p>la stipula di polizze di assicurazione contro i rischi del credito commerciale;<\/p><p>per l\u2019adempimento agli obblighi previsti dalla legge, da un regolamento o dalla normativa comunitaria e per l\u2019esercizio dei propri diritti in sede giudiziaria;<\/p><p>per la valutazione di richieste di dilazioni di pagamento.<\/p><p><br \/>B) Natura dei dati<\/p><p>dati personali identificativi e di contatto;<\/p><p>dati relativi ai suoi acquisti (categorie e numero dei prodotti acquistati); tali informazioni sono gestite attraverso un software che organizza i dati per query e creazioni di rapporti di vendita.<\/p><p>Finalit\u00e0 del trattamento<\/p><p>consentire gli obblighi contrattuali per la gestione delle vendite, dei resi e degli accordi di garanzia, inoltre l\u2019attivit\u00e0 di promozione personalizzata, attraverso proposte commerciali, individuate sulla base dei dati di vendita<\/p><p><br \/>C) Natura dei dati<\/p><p><br \/>dati personali identificativi e di contatto;<\/p><p>dati relativi alle sue ricerche di prodotto sul sito (ivi compresi, a titolo di esempio, le categorie dei prodotti ricercati, date e orari delle ricerche) tali informazioni sono gestite attraverso un software di business intelligence che organizza i dati per la disponibilit\u00e0 verso query e statistiche.<\/p><p><br \/>Finalit\u00e0 del trattamento<\/p><p>consentire l\u2019attivit\u00e0 di profilazione al fine di raccogliere dati e informazioni, in via generale e particolare, per raccogliere informazioni sulle modalit\u00e0 di utilizzo del sito da parte dell\u2019utente al fine di offrire un servizio sempre pi\u00f9 efficiente e ottimizzato per le preferenze di acquisto dell\u2019utente.<\/p><p><br \/>D) Natura dei dati<\/p><p><br \/>dati personali identificativi e di contatto;<\/p><p>Finalit\u00e0 del trattamento<\/p><p>consentire la promozione da parte del Titolare del Trattamento, di proposte commerciali connesse ai prodotti e servizi di Auger Srl, per l&#8217;invio di materiale pubblicitario e newsletter relativi esclusivamente ai suddetti prodotti o servizi.<\/p><p>Natura libera del conferimento dei dati<\/p><p>Il conferimento dei dati richiesti, all\u2019atto della attivazione dei servizi, per le finalit\u00e0 di cui alle precedenti sezioni, strettamente funzionale allo svolgimento degli stessi \u00e8 libero ma l\u2019eventuale rifiuto di fornire i dati, comporta l\u2019impossibilit\u00e0 per Auger Srl di completare il processo di registrazione dell&#8217;utente e quindi di prestare i servizi richiesti.<\/p><p>Il rifiuto del consenso per le altre finalit\u00e0 della sezione, 4C non produrr\u00e0 alcuna conseguenza sull\u2019erogazione dei servizi ma non consentir\u00e0 la possibilit\u00e0 di valutare le di elaborare promozioni commerciali personalizzate a lei destinate.<\/p><p>Il rifiuto del consenso per le altre finalit\u00e0 della sezione, 4D non produrr\u00e0 alcuna conseguenza sull\u2019erogazione dei servizi ma non consentir\u00e0 la possibilit\u00e0 di ricevere promozioni commerciali e informative, eventualmente personalizzate, a lei destinate.<\/p><p>L\u2019utente pu\u00f2 opporsi ai predetti trattamenti, sia inizialmente, sia successivamente inviando un\u2019e-mail all&#8217;indirizzo privacy@augersrl.com. Pertanto, barrando le caselle in sede di registrazione, l\u2019utente presta o rifiuta il proprio consenso all\u2019utilizzo dei propri dati sopra indicati per le finalit\u00e0 previste.<\/p>\t\t\t\t\t\t<\/div>\n\t\t\t\t<\/div>\n\t\t\t\t<div class=\"elementor-element elementor-element-ccdfaee elementor-widget elementor-widget-text-editor\" data-id=\"ccdfaee\" data-element_type=\"widget\" data-widget_type=\"text-editor.default\">\n\t\t\t\t<div class=\"elementor-widget-container\">\n\t\t\t\t\t\t\t<h2>Comunicazione e diffusione dei dati<\/h2><p>I dati personali dell&#8217;utente possono essere comunicati, a soggetti determinati, incaricati dal Titolare della fornitura di servizi strumentali e di consulenza, necessari all&#8217;esecuzione degli obblighi, contrattuali o di legge, connessi alla registrazione al sito e all&#8217;acquisto di prodotti, oltre che per aspetti promozionali come descritti nei punti 4D, nei limiti ed in conformit\u00e0 alle istruzioni impartite.<\/p><p>In particolare i dati potranno essere comunicati a:<\/p><p>persone, societ\u00e0 o studi professionali, che prestino attivit\u00e0 di assistenza, consulenza o collaborazione a Auger Srl in materia contabile, amministrativa, legale, tributaria, finanziaria, di assicurazione contro i rischi del credito commerciale e per fornire informazioni sulla solidit\u00e0 finanziaria del cliente;<\/p><p>soggetti delegati e\/o incaricati da Auger Srl all&#8217;espletamento delle attivit\u00e0 o di parte delle attivit\u00e0 correlate all\u2019erogazione dei servizi di vendita, anche se gestiti in outsourcing; il centro di logistica preposto al confezionamento dei prodotti acquistati dall\u2019utente; i vettori incaricati della consegna dei prodotti acquistati; i soggetti che svolgono per conto del Titolare l&#8217;attivit\u00e0 di assistenza post vendita; i fornitori di Auger Srl e ogni altro collaboratore esterno cui la comunicazione sia necessaria per il corretto adempimento delle obbligazioni assunte da Auger Srl in relazione al contratto di fornitura dei propri servizi;<\/p><p>a pubbliche amministrazioni a autorit\u00e0 giudiziarie per lo svolgimento delle funzioni istituzionali nei limiti stabiliti dalla legge o dai regolamenti.<\/p>\t\t\t\t\t\t<\/div>\n\t\t\t\t<\/div>\n\t\t\t\t<div class=\"elementor-element elementor-element-b9cd9c7 elementor-widget elementor-widget-text-editor\" data-id=\"b9cd9c7\" data-element_type=\"widget\" data-widget_type=\"text-editor.default\">\n\t\t\t\t<div class=\"elementor-widget-container\">\n\t\t\t\t\t\t\t<h2>Modalit\u00e0 del trattamento<\/h2><p>Il trattamento dei Suoi dati personali \u00e8 realizzato per mezzo delle operazioni indicate all\u2019art. 4 del Reg. UE n. 2016\/679 e precisamente: raccolta, registrazione, organizzazione, conservazione, consultazione, modifica, elaborazione, modificazione, selezione, estrazione, utilizzo, interconnessione, blocco, limitazione, comunicazione, cancellazione e distruzione dei dati. I Suoi dati personali, sono sottoposti sia al trattamento elettronico che cartaceo.<\/p><p><br \/>I dati dell\u2019utente, memorizzati su supporto elettronico:<\/p><p>sono custoditi e archiviati nel database del sito, gestito tramite il servizio Hosting, in Italia;sono custoditi e archiviati su un server di propriet\u00e0 di Auger Srl presso la propria sede, in Italia.<\/p><p>In particolare, il Titolare dichiara che i dati registrati sul server sono protetti contro il rischio di intrusione e accesso non autorizzato e di avere altres\u00ec adottato misure di sicurezza idonee a garantire l\u2019integrit\u00e0 e la disponibilit\u00e0 dei dati nonch\u00e9 la protezione delle aree e dei locali rilevanti ai fini della loro custodia e accessibilit\u00e0.<\/p><p><br \/>I dati personali verranno trattati da collaboratori e\/o dipendenti del Titolare in qualit\u00e0 di responsabili o incaricati del trattamento, nell\u2019ambito delle rispettive funzioni ed in conformit\u00e0 alle istruzioni impartite dal Titolare.<\/p>\t\t\t\t\t\t<\/div>\n\t\t\t\t<\/div>\n\t\t\t\t<div class=\"elementor-element elementor-element-f14189e elementor-widget elementor-widget-text-editor\" data-id=\"f14189e\" data-element_type=\"widget\" data-widget_type=\"text-editor.default\">\n\t\t\t\t<div class=\"elementor-widget-container\">\n\t\t\t\t\t\t\t<h2>Trasferimento dei dati personali fuori dall\u2019area UE<\/h2><p>La gestione e la conservazione dei dati personali avverr\u00e0 su server ubicati all\u2019interno dell\u2019Unione Europea del titolare e\/o di societ\u00e0 terze debitamente incaricate. I dati non saranno oggetto di trasferimento al di fuori dell\u2019Unione Europea. Resta in ogni caso inteso che il Titolare, ove si rendesse necessario, avr\u00e0 facolt\u00e0 di spostare l\u2019ubicazione dei server in Paesi extra-UE. In tal caso, il Titolare assicura sin d\u2019ora che il trasferimento dei dati avverr\u00e0 in conformit\u00e0 alle disposizioni di legge applicabili stipulando, se necessario, accordi che garantiscano un livello di protezione adeguato.<\/p>\t\t\t\t\t\t<\/div>\n\t\t\t\t<\/div>\n\t\t\t\t<div class=\"elementor-element elementor-element-fd338be elementor-widget elementor-widget-text-editor\" data-id=\"fd338be\" data-element_type=\"widget\" data-widget_type=\"text-editor.default\">\n\t\t\t\t<div class=\"elementor-widget-container\">\n\t\t\t\t\t\t\t<h2>Durata del trattamento<\/h2><p>Auger Srl conserva e tratta i dati personali per il tempo necessario alle finalit\u00e0:<\/p><p>esplicitate alla sezione 4A e 4B, secondo quanto stabilito dalle vigenti disposizioni in materia civilistica, fiscale e tributaria, ossia almeno 10 anni dal termine dei rapporti contrattuali;<\/p><p>esplicitate alle sezioni, 4C e 4D, fino alla revoca del consenso.<\/p><p>I dati rilevati dai cookies tecnici e di terze parti, di chi non \u00e8 utente e non acquista, saranno cancellati nell\u2019arco di 72 ore o trattati in forma anonima.<\/p>\t\t\t\t\t\t<\/div>\n\t\t\t\t<\/div>\n\t\t\t\t<div class=\"elementor-element elementor-element-2415177 elementor-widget elementor-widget-text-editor\" data-id=\"2415177\" data-element_type=\"widget\" data-widget_type=\"text-editor.default\">\n\t\t\t\t<div class=\"elementor-widget-container\">\n\t\t\t\t\t\t\t<h2>Diritti dell\u2019interessato<\/h2><p>In base al Reg.to UE 2016\/679 Cap. III:<\/p><p>L&#8217;interessato ha diritto di ottenere la conferma dell&#8217;esistenza o meno di dati personali che lo riguardano, anche se non ancora registrati, e la loro comunicazione in forma intelligibile.<\/p><p>L&#8217;interessato ha diritto di ottenere l&#8217;indicazione: dell&#8217;origine dei dati personali; delle finalit\u00e0 e modalit\u00e0 del trattamento; della logica applicata in caso di trattamento effettuato con l&#8217;ausilio di strumenti elettronici; degli estremi identificativi del titolare, dei responsabili e del rappresentante designato ai sensi dell&#8217;articolo 5, comma 2; dei soggetti o delle categorie di soggetti ai quali i dati personali possono essere comunicati o che possono venirne a conoscenza in qualit\u00e0 di rappresentante designato nel territorio dello Stato, di responsabili o incaricati.<\/p><p>L&#8217;interessato ha diritto di ottenere:<\/p><p>l&#8217;aggiornamento, la rettificazione ovvero, quando vi ha interesse, l&#8217;integrazione dei dati; b. la cancellazione, la trasformazione in forma anonima o il blocco dei dati trattati in violazione di legge, compresi quelli di cui non \u00e8 necessaria la conservazione in relazione agli scopi per i quali i dati sono stati raccolti o successivamente trattati;<\/p><p>l&#8217;attestazione che le operazioni di cui alle lettere a) e b) sono state portate a conoscenza, anche per quanto riguarda il loro contenuto, di coloro ai quali i dati sono stati comunicati o diffusi, eccettuato il caso in cui tale adempimento si rivela impossibile o comporta un impiego di mezzi manifestamente sproporzionato rispetto al diritto tutelato; d. copia delle informazioni in nostro possesso in un formato comune e interoperabile;<\/p><p>la limitazione del trattamento dei dati personali che lo riguardano o di opporsi, in tutto o in parte: per motivi legittimi al trattamento dei dati personali che lo riguardano, ancorch\u00e9 pertinenti allo scopo della raccolta. Inoltre, l\u2019interessato ha il diritto di: f. revocare il consenso in qualsiasi momento, senza pregiudicare la liceit\u00e0 del trattamento basata sul consenso prima della revoca; g. proporre reclamo ad un\u2019Autorit\u00e0 di Controllo;<\/p>\t\t\t\t\t\t<\/div>\n\t\t\t\t<\/div>\n\t\t\t\t<div class=\"elementor-element elementor-element-a482a69 elementor-widget elementor-widget-text-editor\" data-id=\"a482a69\" data-element_type=\"widget\" data-widget_type=\"text-editor.default\">\n\t\t\t\t<div class=\"elementor-widget-container\">\n\t\t\t\t\t\t\t<h2>Esercizio dei diritti dell\u2019interessato<\/h2><p>Potr\u00e0 in qualsiasi momento esercitare i diritti, sopra specificati, nonch\u00e9 revocare un consenso precedentemente accordato, inviando:<\/p><p>&#8211; una raccomandata a.r. presso la sede amministrativa sita a Asso (Co) in Via dell\u2019Ecologia 15\/17 \u2013 Localit\u00e0 Scarenna<\/p><p>&#8211; una e-mail all\u2019indirizzo privacy@augersrl.com<\/p><p><br \/>E\u2019 possibile richiedere al titolare, una \u201cdichiarazione di attestazione\u201d idonea a certificare che le richieste avanzate siano state effettivamente risolte e portate a conoscenza di coloro ai quali erano stati precedentemente diffusi e comunicati i dati.<\/p><p><br \/>In quanto soggetto interessato, potr\u00e0 anche delegare una terza persona con una copia della procura ovvero della delega sottoscritta in presenza di un incaricato o sottoscritta e presentata unitamente a una fotocopia non autenticata di un documento di riconoscimento dell&#8217;interessato. Il titolare \u00e8 tenuto a dare riscontro alla richiesta entro 15 giorni dalla data di inoltro o 30 giorni nel caso in cui la risposta sia problematica, in ogni caso entro il 15esimo giorno Le verr\u00e0 data comunicazione scritta delle motivazioni del ritardo.<\/p><p>In caso di mancato riscontro alle vostre richieste, gli interessati possono proporre un reclamo all\u2019Autorit\u00e0 di controllo per la protezione dei dati personali.<\/p>\t\t\t\t\t\t<\/div>\n\t\t\t\t<\/div>\n\t\t\t\t<div class=\"elementor-element elementor-element-12be7e7 elementor-widget elementor-widget-text-editor\" data-id=\"12be7e7\" data-element_type=\"widget\" data-widget_type=\"text-editor.default\">\n\t\t\t\t<div class=\"elementor-widget-container\">\n\t\t\t\t\t\t\t<h2>Aggiornamento della Policy<\/h2><p>La presente informativa \u00e8 stata aggiornata per l\u2019ultima volta in occasione del GDPR e pu\u00f2 essere oggetto di revisione periodica, anche in relazione alla normativa e giurisprudenza di riferimento.<\/p><p>In caso di variazioni significative verr\u00e0 data, per un tempo congruo, opportuna evidenza in homepage del sito. Si invita comunque l\u2019interessato a consultare periodicamente la presente Policy.<\/p>\t\t\t\t\t\t<\/div>\n\t\t\t\t<\/div>\n\t\t\t\t\t<\/div>\n\t\t<\/div>\n\t\t\t\t\t<\/div>\n\t\t<\/section>\n\t\t\t\t<\/div>","protected":false},"excerpt":{"rendered":"<p>Privacy Policy Informativa al trattamento dei dati personali resa ai sensi degli art. 13-14 del Reg. (UE) 2016\/679 GDPR (General Data Protection Regulation). Introduzione In Auger Srl, siamo consapevoli dell&#8217;importanza della protezione dei dati personali e del rispetto della privacy dei nostri utenti. Pertanto gestiamo tutte le informazioni a noi fornite con estrema cura e &hellip; <\/p>\n<p class=\"link-more\"><a href=\"https:\/\/augersrl.com\/en\/privacy-policy\/\" class=\"more-link\">Continue reading<span class=\"screen-reader-text\"> &#8220;Privacy Policy&#8221;<\/span><\/a><\/p>","protected":false},"author":1,"featured_media":0,"parent":0,"menu_order":4,"comment_status":"closed","ping_status":"closed","template":"elementor_header_footer","meta":{"footnotes":""},"class_list":["post-591","page","type-page","status-publish","hentry"],"_links":{"self":[{"href":"https:\/\/augersrl.com\/en\/wp-json\/wp\/v2\/pages\/591","targetHints":{"allow":["GET"]}}],"collection":[{"href":"https:\/\/augersrl.com\/en\/wp-json\/wp\/v2\/pages"}],"about":[{"href":"https:\/\/augersrl.com\/en\/wp-json\/wp\/v2\/types\/page"}],"author":[{"embeddable":true,"href":"https:\/\/augersrl.com\/en\/wp-json\/wp\/v2\/users\/1"}],"replies":[{"embeddable":true,"href":"https:\/\/augersrl.com\/en\/wp-json\/wp\/v2\/comments?post=591"}],"version-history":[{"count":4,"href":"https:\/\/augersrl.com\/en\/wp-json\/wp\/v2\/pages\/591\/revisions"}],"predecessor-version":[{"id":597,"href":"https:\/\/augersrl.com\/en\/wp-json\/wp\/v2\/pages\/591\/revisions\/597"}],"wp:attachment":[{"href":"https:\/\/augersrl.com\/en\/wp-json\/wp\/v2\/media?parent=591"}],"curies":[{"name":"wp","href":"https:\/\/api.w.org\/{rel}","templated":true}]}}